{"id":3081,"date":"2021-06-11T10:26:31","date_gmt":"2021-06-11T08:26:31","guid":{"rendered":"https:\/\/cuscoberga.com\/enoturismo\/"},"modified":"2025-01-20T18:05:01","modified_gmt":"2025-01-20T16:05:01","slug":"enoturismo","status":"publish","type":"page","link":"https:\/\/cuscoberga.com\/es\/enoturismo\/","title":{"rendered":"Enoturismo"},"content":{"rendered":"<div class=\"wpb-content-wrapper\"><p>[vc_row full_width=\u00bbstretch_row_content_no_spaces\u00bb full_height=\u00bbyes\u00bb equal_height=\u00bbyes\u00bb el_class=\u00bbimg_page\u00bb][vc_column width=\u00bb1\/2&#8243; css=\u00bb.vc_custom_1617176811384{padding: 10% !important;}\u00bb][vc_column_text]<\/p>\n<h3>Descubrir el Pened\u00e8s y el Macizo del Garraf con Cusc\u00f3 Berga<\/h3>\n<h5 class=\"green\">Bodega Cusc\u00f3 Berga ubicado a las puertas del Parque Natural del Garraf y \u00fanica bodega del Pened\u00e8s construida sobre roca caliza natural del Macizo del Garraf.<\/h5>\n<p>&nbsp;<\/p>\n<h3>Enoturismo en el Pa\u00eds del Cava<\/h3>\n<p>Para los amantes y curiosos del mundo del Vino y el Cava os proponemos una visita a nuestras instalaciones para descubri\u00f3 los secretos de nuestros productos, los m\u00e1s singulares del Pened\u00e8s. Conoce su historia de la mano de sus protagonistas. Sorprende al visitante la espectacular vista del parque natural del macizo del Garraf que se puede apreciar desde el mirador de la parte m\u00e1s nueva de la bodega.<\/p>\n<h3>Salud y Cultura Mediterr\u00e1nea<\/h3>\n<p>El vino es un producto que forma parte de nuestra gastronom\u00eda Y estilo de vida, de nuestro paisaje Y de nuestros h\u00e1bitos. Su funci\u00f3n primordial es acompa\u00f1ar las comidas. Degustarlo lentamente apreciando todas las cualidades, es un placer que no duele. \u00cbs nuestra cultura, es la Cultura Mediterr\u00e1nea.<\/p>\n<h3 class=\"green\">DISFRUTA de nuestras experiencias!<\/h3>\n<p>[\/vc_column_text][vc_column_text el_class=\u00bbdesktop\u00bb]<\/p>\n<p style=\"text-align: center;\"><iframe loading=\"lazy\" title=\"YouTube video player\" src=\"https:\/\/www.youtube.com\/embed\/C0WDGkeu4ks?controls=0\" width=\"560\" height=\"315\" frameborder=\"0\" allowfullscreen=\"allowfullscreen\"><\/iframe><\/p>\n<p>[\/vc_column_text][vc_column_text el_class=\u00bbmobile\u00bb]<\/p>\n<p style=\"text-align: center;\"><iframe loading=\"lazy\" title=\"YouTube video player\" src=\"https:\/\/www.youtube.com\/embed\/C0WDGkeu4ks?controls=0\" width=\"100%\" height=\"315\" frameborder=\"0\" allowfullscreen=\"allowfullscreen\"><\/iframe><\/p>\n<p>[\/vc_column_text][vc_column_text css=\u00bb.vc_custom_1670694554417{margin-top: 30px !important;}\u00bb el_class=\u00bbdesktop\u00bb]<\/p>\n<p style=\"text-align: center;\"><iframe loading=\"lazy\" title=\"YouTube video player\" src=\"https:\/\/www.youtube.com\/embed\/ihgDeF60qKI?controls=0\" width=\"560\" height=\"315\" frameborder=\"0\" allowfullscreen=\"allowfullscreen\"><\/iframe><\/p>\n<p>[\/vc_column_text][vc_column_text css=\u00bb.vc_custom_1670694567144{margin-top: 30px !important;}\u00bb el_class=\u00bbmobile\u00bb]<\/p>\n<p style=\"text-align: center;\"><iframe loading=\"lazy\" title=\"YouTube video player\" src=\"https:\/\/www.youtube.com\/embed\/ihgDeF60qKI?controls=0\" width=\"100%\" height=\"315\" frameborder=\"0\" allowfullscreen=\"allowfullscreen\"><\/iframe><\/p>\n<p>[\/vc_column_text][\/vc_column][vc_column width=\u00bb1\/2&#8243; css=\u00bb.vc_custom_1617179090569{background-image: url(https:\/\/cuscoberga.com\/\/wp-content\/uploads\/2021\/03\/enoturisme.jpg?id=2694) !important;background-position: center !important;background-repeat: no-repeat !important;background-size: cover !important;}\u00bb el_class=\u00bbimg_page\u00bb][\/vc_column][\/vc_row][vc_row el_class=\u00bbtitol_gran\u00bb][vc_column][vc_custom_heading text=\u00bbElige y reserva tu experiencia\u00bb font_container=\u00bbtag:h4|text_align:center|color:%23000000&#8243; google_fonts=\u00bbfont_family:Roboto%3A100%2C100italic%2C300%2C300italic%2Cregular%2Citalic%2C500%2C500italic%2C700%2C700italic%2C900%2C900italic|font_style:700%20bold%20regular%3A700%3Anormal\u00bb el_class=\u00bbtitol_gran\u00bb][vc_single_image image=\u00bb4002&#8243; img_size=\u00bbfull\u00bb alignment=\u00bbcenter\u00bb css=\u00bb\u00bb][\/vc_column][\/vc_row][vc_row el_class=\u00bbtitol_gran\u00bb][vc_column]<div class=\"woocommerce columns-4 \"><div class=\"wf-container dt-products  woo-hover products loading-effect-fade-in description-on-hover cart-btn-on-img wc-img-hover hide-description wc-grid\" data-padding=\"0px\" data-cur-page=\"1\" data-desktop-columns-num=\"3\" data-v-tablet-columns-num=\"2\" data-h-tablet-columns-num=\"3\" data-phone-columns-num=\"1\">\n\n<article class=\"post visible description-off product type-product post-3172 status-publish first instock product_cat-enoturismo has-post-thumbnail virtual taxable purchasable product-type-simple\">\n\n\t<figure class=\"woocom-project\">\n\t<div class=\"woo-buttons-on-img\">\n\n\t\t<a href=\"https:\/\/cuscoberga.com\/es\/producte\/visita-premium-a-la-bodega-cusco-berga\/\" class=\"alignnone layzr-bg\"><img loading=\"lazy\" decoding=\"async\" width=\"800\" height=\"600\" src=\"data:image\/svg+xml;charset=utf-8,%3Csvg xmlns%3D&#039;http%3A%2F%2Fwww.w3.org%2F2000%2Fsvg&#039; viewBox%3D&#039;0 0 800 600&#039;%2F%3E\" class=\"attachment-woocommerce_thumbnail size-woocommerce_thumbnail lazy-load preload-me\" alt=\"Visita Premium a la bodega Cusc\u00f3 Berga\" data-src=\"https:\/\/cuscoberga.com\/wp-content\/uploads\/2021\/04\/premium3.jpg\" data-srcset=\"https:\/\/cuscoberga.com\/wp-content\/uploads\/2021\/04\/premium3.jpg 800w, https:\/\/cuscoberga.com\/wp-content\/uploads\/2021\/04\/premium3-300x225.jpg 300w, https:\/\/cuscoberga.com\/wp-content\/uploads\/2021\/04\/premium3-768x576.jpg 768w\" \/><img loading=\"lazy\" decoding=\"async\" width=\"800\" height=\"600\" src=\"data:image\/svg+xml;charset=utf-8,%3Csvg xmlns%3D&#039;http%3A%2F%2Fwww.w3.org%2F2000%2Fsvg&#039; viewBox%3D&#039;0 0 800 600&#039;%2F%3E\" class=\"show-on-hover back-image lazy-load preload-me\" alt=\"\" data-src=\"https:\/\/cuscoberga.com\/wp-content\/uploads\/2021\/04\/premium1.jpg\" data-srcset=\"https:\/\/cuscoberga.com\/wp-content\/uploads\/2021\/04\/premium1.jpg 800w, https:\/\/cuscoberga.com\/wp-content\/uploads\/2021\/04\/premium1-300x225.jpg 300w, https:\/\/cuscoberga.com\/wp-content\/uploads\/2021\/04\/premium1-768x576.jpg 768w\" \/><\/a>\n\t<\/div>\n\t<figcaption class=\"woocom-list-content\">\n\n\t\t<div class=\"woocommerce-product-details__short-description\">\n\t<p>Propuesta y Actividad muy interesante a la Bodega Cusc\u00f3 Berga de las Gunyoles de Avinyonet del Pened\u00e8s;<br \/>\na) Una Escapada al Miravinya \u00abEl zarcillo\u00bb el Puig de la Miret y de vuelta una visita con degustaci\u00f3n.<br \/>\nb) Paseo y Visita con degustaci\u00f3n a las Cavas Cusc\u00f3 Berga.<br \/>\nVen a ver de d\u00eda el recorrido por los diferentes escenarios del Bel\u00e9n Viviente de Las Gunyoles donde miles de personas han disfrutado esta Navidad.<\/p>\n<p>Posibilidad de adquirir productos de la casa a precios exclusivos de la bodega.<br \/>\nDuraci\u00f3n visita Bodega 1 hora + opcional rutas ayb 25 minutos c \/ una.<\/p>\n<p>Precio 27 \u20ac por persona.<br \/>\nDisponibilidad durante todo el a\u00f1o<br \/>\nLugar de la actividad: en <a href=\"\/contactar\">Vins i Caves Cusc\u00f3 Berga<\/a>.<br \/>\nIncluye 3 Catas comentadas por un Sommelier y una selecci\u00f3n de aperitivos.<\/p>\n<p>Bodega: <a href=\"https:\/\/youtu.be\/Grg21_ufvSI\" target=\"_blank\" rel=\"noopener\">Ver v\u00eddeo<\/a><br \/>\nVi\u00f1as: <a href=\"https:\/\/youtu.be\/VOzhidzgjHc\" target=\"_blank\" rel=\"noopener\">Ver v\u00eddeo<\/a><\/p>\n<p><a href=\"https:\/\/cuscoberga.com\/wp-content\/uploads\/2021\/04\/Visita-Premium-cast-1.pdf\" target=\"_blank\" rel=\"noopener\">Ver PDF detallado de la actividad<\/a><\/p>\n<\/div>\n\n\t<\/figcaption>\n<\/figure>\n\n<\/article>\n\n\n\n<article class=\"post visible description-off product type-product post-3167 status-publish instock product_cat-enoturismo has-post-thumbnail virtual taxable purchasable product-type-simple\">\n\n\t<figure class=\"woocom-project\">\n\t<div class=\"woo-buttons-on-img\">\n\n\t\t<a href=\"https:\/\/cuscoberga.com\/es\/producte\/land-rover-wine-tours\/\" class=\"alignnone layzr-bg\"><img loading=\"lazy\" decoding=\"async\" width=\"800\" height=\"600\" src=\"data:image\/svg+xml;charset=utf-8,%3Csvg xmlns%3D&#039;http%3A%2F%2Fwww.w3.org%2F2000%2Fsvg&#039; viewBox%3D&#039;0 0 800 600&#039;%2F%3E\" class=\"attachment-woocommerce_thumbnail size-woocommerce_thumbnail lazy-load preload-me\" alt=\"Land Rover - Wine Tours\" data-src=\"https:\/\/cuscoberga.com\/wp-content\/uploads\/2021\/04\/land-1.jpg\" data-srcset=\"https:\/\/cuscoberga.com\/wp-content\/uploads\/2021\/04\/land-1.jpg 800w, https:\/\/cuscoberga.com\/wp-content\/uploads\/2021\/04\/land-1-300x225.jpg 300w, https:\/\/cuscoberga.com\/wp-content\/uploads\/2021\/04\/land-1-768x576.jpg 768w\" \/><img loading=\"lazy\" decoding=\"async\" width=\"800\" height=\"600\" src=\"data:image\/svg+xml;charset=utf-8,%3Csvg xmlns%3D&#039;http%3A%2F%2Fwww.w3.org%2F2000%2Fsvg&#039; viewBox%3D&#039;0 0 800 600&#039;%2F%3E\" class=\"show-on-hover back-image lazy-load preload-me\" alt=\"\" data-src=\"https:\/\/cuscoberga.com\/wp-content\/uploads\/2021\/04\/land-2.jpg\" data-srcset=\"https:\/\/cuscoberga.com\/wp-content\/uploads\/2021\/04\/land-2.jpg 800w, https:\/\/cuscoberga.com\/wp-content\/uploads\/2021\/04\/land-2-300x225.jpg 300w, https:\/\/cuscoberga.com\/wp-content\/uploads\/2021\/04\/land-2-768x576.jpg 768w\" \/><\/a>\n\t<\/div>\n\t<figcaption class=\"woocom-list-content\">\n\n\t\t<div class=\"woocommerce-product-details__short-description\">\n\t<p>Un Tour en Land Rover por las Vi\u00f1as del Pened\u00e8s y el Garraf y de vuelta una visita a las Cavas Cusc\u00f3 Berga<\/p>\n<p>Disfruta del entorno y de un agradable paseo en medio de la monta\u00f1a, para ver barracas de piedra, m\u00e1rgenes, vi\u00f1as y olivos centenarios, con las personas que m\u00e1s quieres. y acabaremos arriba de un Mirador Singular de 360\u00ba, disfrutando de vistas de vi\u00f1edos, monta\u00f1as, nieve, mar &#8230;<\/p>\n<p>Posibilidad de adquirir productos de la casa a precios exclusivos de la bodega.<br \/>\nDuraci\u00f3n visita Bodega: 2h y 30 min.<\/p>\n<p>Precio 49 \u20ac por persona.<br \/>\nDisponibilidad durante todo el a\u00f1o<br \/>\nLugar de la actividad: en <a href=\"\/contactar\">Vins i Caves Cusc\u00f3 Berga<\/a>.<br \/>\nIncluye 3 Catas comentadas por un Sommelier y una selecci\u00f3n de aperitivos.<br \/>\nM\u00ednimo 4 personas y M\u00e1ximo 8 personas.<br \/>\nIdioma: Catal\u00e1n, castellano, ingl\u00e9s y franc\u00e9s.<\/p>\n<p>Bodega: <a href=\"https:\/\/youtu.be\/Grg21_ufvSI\" target=\"_blank\" rel=\"noopener\">Ver v\u00eddeo<\/a><br \/>\nVi\u00f1as: <a href=\"https:\/\/youtu.be\/VOzhidzgjHc\" target=\"_blank\" rel=\"noopener\">Ver v\u00eddeo<\/a><\/p>\n<p><a href=\"https:\/\/cuscoberga.com\/wp-content\/uploads\/2021\/04\/El-paquet-turistic-No-10-land-rover-cast-1.pdf\" target=\"_blank\" rel=\"noopener\">Ver PDF detallado de la actividad<\/a><\/p>\n<\/div>\n\n\t<\/figcaption>\n<\/figure>\n\n<\/article>\n\n\n\n<article class=\"post visible description-off product type-product post-3161 status-publish instock product_cat-enoturismo has-post-thumbnail virtual taxable purchasable product-type-simple\">\n\n\t<figure class=\"woocom-project\">\n\t<div class=\"woo-buttons-on-img\">\n\n\t\t<a href=\"https:\/\/cuscoberga.com\/es\/producte\/tradicion-territorio-penedes-garraf\/\" class=\"alignnone layzr-bg\"><img loading=\"lazy\" decoding=\"async\" width=\"800\" height=\"600\" src=\"data:image\/svg+xml;charset=utf-8,%3Csvg xmlns%3D&#039;http%3A%2F%2Fwww.w3.org%2F2000%2Fsvg&#039; viewBox%3D&#039;0 0 800 600&#039;%2F%3E\" class=\"attachment-woocommerce_thumbnail size-woocommerce_thumbnail lazy-load preload-me\" alt=\"Tradici\u00f3n, Territorio Pened\u00e8s-Garraf\" data-src=\"https:\/\/cuscoberga.com\/wp-content\/uploads\/2021\/04\/garraf2.jpg\" data-srcset=\"https:\/\/cuscoberga.com\/wp-content\/uploads\/2021\/04\/garraf2.jpg 800w, https:\/\/cuscoberga.com\/wp-content\/uploads\/2021\/04\/garraf2-300x225.jpg 300w, https:\/\/cuscoberga.com\/wp-content\/uploads\/2021\/04\/garraf2-768x576.jpg 768w\" \/><img loading=\"lazy\" decoding=\"async\" width=\"800\" height=\"600\" src=\"data:image\/svg+xml;charset=utf-8,%3Csvg xmlns%3D&#039;http%3A%2F%2Fwww.w3.org%2F2000%2Fsvg&#039; viewBox%3D&#039;0 0 800 600&#039;%2F%3E\" class=\"show-on-hover back-image lazy-load preload-me\" alt=\"\" data-src=\"https:\/\/cuscoberga.com\/wp-content\/uploads\/2021\/04\/garraf1.jpg\" data-srcset=\"https:\/\/cuscoberga.com\/wp-content\/uploads\/2021\/04\/garraf1.jpg 800w, https:\/\/cuscoberga.com\/wp-content\/uploads\/2021\/04\/garraf1-300x225.jpg 300w, https:\/\/cuscoberga.com\/wp-content\/uploads\/2021\/04\/garraf1-768x576.jpg 768w\" \/><\/a>\n\t<\/div>\n\t<figcaption class=\"woocom-list-content\">\n\n\t\t<div class=\"woocommerce-product-details__short-description\">\n\t<p>Disfruta del entorno y de un agradable paseo en una cueva natural \u00abCueva Grande\u00bb, en medio de la monta\u00f1a, tambi\u00e9n aprenderemos a beber en Porro con vino del Pened\u00e8s acompa\u00f1ado<br \/>\ncon productos de proximidad km.0. El Porro se considera como un s\u00edmbolo tradicional de Catalu\u00f1a.<\/p>\n<p>Posibilidad de adquirir productos de la casa a precios exclusivos de la bodega.<br \/>\nDuraci\u00f3n visita Bodega: 2h y 15 min.<\/p>\n<p>Precio 37 \u20ac por persona.<br \/>\nDisponibilidad durante todo el a\u00f1o<br \/>\nLugar de la actividad: a <a href=\"\/contactar\">Vins i Caves Cusc\u00f3 Berga<\/a>.<br \/>\nInclou Tast dels Vins i Caves m\u00e9s emblem\u00e0tics i selectes del nostre Celler acompanyat de productes de proximitat km.0<br \/>\nM\u00ednim 4 persones.<br \/>\nIdioma: Catal\u00e0, castell\u00e0, Angl\u00e8s i Franc\u00e8s.<\/p>\n<p>Bodega: <a href=\"https:\/\/youtu.be\/Grg21_ufvSI\" target=\"_blank\" rel=\"noopener\">Ver v\u00eddeo<\/a><br \/>\nVi\u00f1as: <a href=\"https:\/\/youtu.be\/VOzhidzgjHc\" target=\"_blank\" rel=\"noopener\">Ver v\u00eddeo<\/a><\/p>\n<p><a href=\"https:\/\/cuscoberga.com\/wp-content\/uploads\/2021\/04\/El-paquet-turistic-No-15-tradicio-territori-i-penedes-cast.pdf\" target=\"_blank\" rel=\"noopener\">Ver PDF detallado de la actividad<\/a><\/p>\n<\/div>\n\n\t<\/figcaption>\n<\/figure>\n\n<\/article>\n\n\n\n<article class=\"post visible description-off product type-product post-3150 status-publish last instock product_cat-enoturismo has-post-thumbnail virtual taxable purchasable product-type-simple\">\n\n\t<figure class=\"woocom-project\">\n\t<div class=\"woo-buttons-on-img\">\n\n\t\t<a href=\"https:\/\/cuscoberga.com\/es\/producte\/equilibrio-entre-melocoton-de-ordal-y-cava-del-penedes-a-cusco-berga\/\" class=\"alignnone layzr-bg\"><img loading=\"lazy\" decoding=\"async\" width=\"800\" height=\"600\" src=\"data:image\/svg+xml;charset=utf-8,%3Csvg xmlns%3D&#039;http%3A%2F%2Fwww.w3.org%2F2000%2Fsvg&#039; viewBox%3D&#039;0 0 800 600&#039;%2F%3E\" class=\"attachment-woocommerce_thumbnail size-woocommerce_thumbnail lazy-load preload-me\" alt=\"Equilibrio entre Melocot\u00f3n de Ordal y Cava del Pened\u00e8s a Cusc\u00f3 Berga\" data-src=\"https:\/\/cuscoberga.com\/wp-content\/uploads\/2021\/04\/pressec1.jpg\" data-srcset=\"https:\/\/cuscoberga.com\/wp-content\/uploads\/2021\/04\/pressec1.jpg 800w, https:\/\/cuscoberga.com\/wp-content\/uploads\/2021\/04\/pressec1-300x225.jpg 300w, https:\/\/cuscoberga.com\/wp-content\/uploads\/2021\/04\/pressec1-768x576.jpg 768w\" \/><img loading=\"lazy\" decoding=\"async\" width=\"800\" height=\"600\" src=\"data:image\/svg+xml;charset=utf-8,%3Csvg xmlns%3D&#039;http%3A%2F%2Fwww.w3.org%2F2000%2Fsvg&#039; viewBox%3D&#039;0 0 800 600&#039;%2F%3E\" class=\"show-on-hover back-image lazy-load preload-me\" alt=\"\" data-src=\"https:\/\/cuscoberga.com\/wp-content\/uploads\/2021\/04\/pressec2.jpg\" data-srcset=\"https:\/\/cuscoberga.com\/wp-content\/uploads\/2021\/04\/pressec2.jpg 800w, https:\/\/cuscoberga.com\/wp-content\/uploads\/2021\/04\/pressec2-300x225.jpg 300w, https:\/\/cuscoberga.com\/wp-content\/uploads\/2021\/04\/pressec2-768x576.jpg 768w\" \/><\/a>\n\t<\/div>\n\t<figcaption class=\"woocom-list-content\">\n\n\t\t<div class=\"woocommerce-product-details__short-description\">\n\t<p>Equilibrio entre Melocot\u00f3n de Ordal y Cava del Pened\u00e8s a Cusc\u00f3 Berga Cosecha propia, labrador y en\u00f3logo buscando nuevas degustaciones.<br \/>\nDegustaci\u00f3n Ros\u00e9 Brut 100% taladrado Cusc\u00f3 Berga casado con Melocot\u00f3n de Ordal del Pened\u00e8s. Visita guiada a la bodega, compartiremos con vosotros nuestra filosof\u00eda de trabajo, los inicios y el proceso de elaboraci\u00f3n manual de nuestros vinos y cavas. Y acabaremos con una Cata de los Vinos y Cavas m\u00e1s emblem\u00e1ticos y selectos de nuestro Bodega.<\/p>\n<p>Posibilidad de adquirir productos de la casa a precios exclusivos de la bodega.<br \/>\nDuraci\u00f3n visita Bodega: 1h y 30 min<\/p>\n<p>Precio 27 \u20ac por persona.<br \/>\nDisponibilidad temporada (meses junio-julio)<br \/>\nLugar de la actividad: a <a href=\"\/contactar\">Vins i Caves Cusc\u00f3 Berga<\/a>.<br \/>\nCopa de Cava de Benvinguda.<br \/>\nInclou 4 Tastos comentats per un Sommelier i una selecci\u00f3 d\u2019aperitius.<br \/>\nM\u00ednim 10 persones.<br \/>\nIdioma: Catal\u00e0, castell\u00e0, Angl\u00e8s i Franc\u00e8s.<\/p>\n<p>Bodega: <a href=\"https:\/\/youtu.be\/Grg21_ufvSI\" target=\"_blank\" rel=\"noopener\">Ver v\u00eddeo<\/a><br \/>\nVi\u00f1as: <a href=\"https:\/\/youtu.be\/VOzhidzgjHc\" target=\"_blank\" rel=\"noopener\">Ver v\u00eddeo<\/a><\/p>\n<p><a href=\"https:\/\/cuscoberga.com\/wp-content\/uploads\/2021\/04\/El-paquet-turistic-No-11-pressec-cava-cast-1.pdf\" target=\"_blank\" rel=\"noopener\">Ver PDF detallado de la actividad<\/a><\/p>\n<\/div>\n\n\t<\/figcaption>\n<\/figure>\n\n<\/article>\n\n\n\n<article class=\"post visible description-off product type-product post-3138 status-publish first instock product_cat-enoturismo has-post-thumbnail virtual taxable purchasable product-type-simple\">\n\n\t<figure class=\"woocom-project\">\n\t<div class=\"woo-buttons-on-img\">\n\n\t\t<a href=\"https:\/\/cuscoberga.com\/es\/producte\/land-rover-wine-tours-en-tiempo-de-vendimia\/\" class=\"alignnone layzr-bg\"><img loading=\"lazy\" decoding=\"async\" width=\"800\" height=\"600\" src=\"data:image\/svg+xml;charset=utf-8,%3Csvg xmlns%3D&#039;http%3A%2F%2Fwww.w3.org%2F2000%2Fsvg&#039; viewBox%3D&#039;0 0 800 600&#039;%2F%3E\" class=\"attachment-woocommerce_thumbnail size-woocommerce_thumbnail lazy-load preload-me\" alt=\"Land Rover - Wine Tours - En Tiempo de Vendimia\" data-src=\"https:\/\/cuscoberga.com\/wp-content\/uploads\/2021\/04\/verema1.jpg\" data-srcset=\"https:\/\/cuscoberga.com\/wp-content\/uploads\/2021\/04\/verema1.jpg 800w, https:\/\/cuscoberga.com\/wp-content\/uploads\/2021\/04\/verema1-300x225.jpg 300w, https:\/\/cuscoberga.com\/wp-content\/uploads\/2021\/04\/verema1-768x576.jpg 768w\" \/><img loading=\"lazy\" decoding=\"async\" width=\"800\" height=\"600\" src=\"data:image\/svg+xml;charset=utf-8,%3Csvg xmlns%3D&#039;http%3A%2F%2Fwww.w3.org%2F2000%2Fsvg&#039; viewBox%3D&#039;0 0 800 600&#039;%2F%3E\" class=\"show-on-hover back-image lazy-load preload-me\" alt=\"\" data-src=\"https:\/\/cuscoberga.com\/wp-content\/uploads\/2021\/04\/verema2.jpg\" data-srcset=\"https:\/\/cuscoberga.com\/wp-content\/uploads\/2021\/04\/verema2.jpg 800w, https:\/\/cuscoberga.com\/wp-content\/uploads\/2021\/04\/verema2-300x225.jpg 300w, https:\/\/cuscoberga.com\/wp-content\/uploads\/2021\/04\/verema2-768x576.jpg 768w\" \/><\/a>\n\t<\/div>\n\t<figcaption class=\"woocom-list-content\">\n\n\t\t<div class=\"woocommerce-product-details__short-description\">\n\t<p>En tiempos de Vendimia cosecharemos Uvas, los probaremos y los pisaremos.<br \/>\nSe ir\u00e1 a los vi\u00f1edos a cosechar uva, los probaremos y utilizaremos la t\u00e9cnica para recogerlo. De vuelta Visita guiada a la bodega, compartiremos con vosotros nuestra filosof\u00eda de trabajo, los inicios y el proceso de elaboraci\u00f3n manual de nuestros vinos y cavas.<\/p>\n<p>Posibilidad de adquirir productos de la casa a precios exclusivos de la bodega.<br \/>\nDuraci\u00f3n visita Bodega: 2h y 45 min.<\/p>\n<p>Precio 57 \u20ac por persona.<br \/>\nDisponibilidad temporada (meses septiembre-octubre)<br \/>\nLugar de la actividad: a <a href=\"\/contactar\">Vins i Caves Cusc\u00f3 Berga<\/a>.<br \/>\nInclou 3 Tastos comentats per un Sommelier i una selecci\u00f3 d\u2019aperitius.<br \/>\nM\u00ednim 4 persones i M\u00e0xim 8 persones.<br \/>\nIdioma: Catal\u00e0, castell\u00e0, Angl\u00e8s i Franc\u00e8s.<\/p>\n<p>Bodega: <a href=\"https:\/\/youtu.be\/Grg21_ufvSI\" target=\"_blank\" rel=\"noopener\">Ver v\u00eddeo<\/a><br \/>\nVi\u00f1as: <a href=\"https:\/\/youtu.be\/VOzhidzgjHc\" target=\"_blank\" rel=\"noopener\">Ver v\u00eddeo<\/a><\/p>\n<p><a href=\"https:\/\/cuscoberga.com\/wp-content\/uploads\/2021\/04\/El-paquet-turistic-No-12-tiempo-de-Vendimia-cast-1.pdf\" target=\"_blank\" rel=\"noopener\">Ver PDF detallado de la actividad<\/a><\/p>\n<\/div>\n\n\t<\/figcaption>\n<\/figure>\n\n<\/article>\n\n\n\n<article class=\"post visible description-off product type-product post-3128 status-publish instock product_cat-enoturismo has-post-thumbnail virtual taxable purchasable product-type-simple\">\n\n\t<figure class=\"woocom-project\">\n\t<div class=\"woo-buttons-on-img\">\n\n\t\t<a href=\"https:\/\/cuscoberga.com\/es\/producte\/cata-de-cavas-de-autor\/\" class=\"alignnone layzr-bg\"><img loading=\"lazy\" decoding=\"async\" width=\"800\" height=\"600\" src=\"data:image\/svg+xml;charset=utf-8,%3Csvg xmlns%3D&#039;http%3A%2F%2Fwww.w3.org%2F2000%2Fsvg&#039; viewBox%3D&#039;0 0 800 600&#039;%2F%3E\" class=\"attachment-woocommerce_thumbnail size-woocommerce_thumbnail lazy-load preload-me\" alt=\"Cata de Cavas de Autor\" data-src=\"https:\/\/cuscoberga.com\/wp-content\/uploads\/2021\/04\/tast1.jpg\" data-srcset=\"https:\/\/cuscoberga.com\/wp-content\/uploads\/2021\/04\/tast1.jpg 800w, https:\/\/cuscoberga.com\/wp-content\/uploads\/2021\/04\/tast1-300x225.jpg 300w, https:\/\/cuscoberga.com\/wp-content\/uploads\/2021\/04\/tast1-768x576.jpg 768w\" \/><img loading=\"lazy\" decoding=\"async\" width=\"800\" height=\"600\" src=\"data:image\/svg+xml;charset=utf-8,%3Csvg xmlns%3D&#039;http%3A%2F%2Fwww.w3.org%2F2000%2Fsvg&#039; viewBox%3D&#039;0 0 800 600&#039;%2F%3E\" class=\"show-on-hover back-image lazy-load preload-me\" alt=\"\" data-src=\"https:\/\/cuscoberga.com\/wp-content\/uploads\/2021\/04\/tast3.jpg\" data-srcset=\"https:\/\/cuscoberga.com\/wp-content\/uploads\/2021\/04\/tast3.jpg 800w, https:\/\/cuscoberga.com\/wp-content\/uploads\/2021\/04\/tast3-300x225.jpg 300w, https:\/\/cuscoberga.com\/wp-content\/uploads\/2021\/04\/tast3-768x576.jpg 768w\" \/><\/a>\n\t<\/div>\n\t<figcaption class=\"woocom-list-content\">\n\n\t\t<div class=\"woocommerce-product-details__short-description\">\n\t<p>Estos Cavas de gran estima y tradici\u00f3n son especiales y \u00fanicos, de producciones limitadas que ir\u00e1n acompa\u00f1ados de un maridaje particular para descubrir su singularidad.<\/p>\n<p>Posibilidad de adquirir productos de la casa a precios exclusivos de la bodega.<br \/>\nDuraci\u00f3n visita Bodega: 1h y 30 min.<\/p>\n<p>Precio 27 \u20ac por persona.<br \/>\nDisponibilidad durante todo el a\u00f1o<br \/>\nLugar de la actividad: a Vinos y Cavas Cusc\u00f3 Berga.<br \/>\nIncluye 3 Catas comentadas por un Sommelier y acompa\u00f1ados de una selecci\u00f3n de aperitivos.<br \/>\nM\u00ednimo 4 personas.<br \/>\nIdioma: Catal\u00e1n, castellano, ingl\u00e9s y franc\u00e9s.<\/p>\n<p>Bodega: <a href=\"https:\/\/youtu.be\/Grg21_ufvSI\" target=\"_blank\" rel=\"noopener\">Ver v\u00eddeo<\/a><br \/>\nVi\u00f1as: <a href=\"https:\/\/youtu.be\/VOzhidzgjHc\" target=\"_blank\" rel=\"noopener\">Ver v\u00eddeo<\/a><\/p>\n<p><a href=\"https:\/\/cuscoberga.com\/wp-content\/uploads\/2021\/04\/El-paquet-turistic-No-16-tast-caves-autor-cast.pdf\" target=\"_blank\" rel=\"noopener\">Ver PDF detallado de la actividad<\/a><\/p>\n<\/div>\n\n\t<\/figcaption>\n<\/figure>\n\n<\/article>\n\n\n\n<article class=\"post visible description-off product type-product post-3122 status-publish instock product_cat-enoturismo has-post-thumbnail virtual taxable purchasable product-type-simple\">\n\n\t<figure class=\"woocom-project\">\n\t<div class=\"woo-buttons-on-img\">\n\n\t\t<a href=\"https:\/\/cuscoberga.com\/es\/producte\/tast-de-vins-varietals-del-penedes-garraf\/\" class=\"alignnone layzr-bg\"><img loading=\"lazy\" decoding=\"async\" width=\"800\" height=\"600\" src=\"data:image\/svg+xml;charset=utf-8,%3Csvg xmlns%3D&#039;http%3A%2F%2Fwww.w3.org%2F2000%2Fsvg&#039; viewBox%3D&#039;0 0 800 600&#039;%2F%3E\" class=\"attachment-woocommerce_thumbnail size-woocommerce_thumbnail lazy-load preload-me\" alt=\"Cata de Vinos Varietales del Pened\u00e8s - Garraf\" data-src=\"https:\/\/cuscoberga.com\/wp-content\/uploads\/2021\/04\/tast-vi1.jpg\" data-srcset=\"https:\/\/cuscoberga.com\/wp-content\/uploads\/2021\/04\/tast-vi1.jpg 800w, https:\/\/cuscoberga.com\/wp-content\/uploads\/2021\/04\/tast-vi1-300x225.jpg 300w, https:\/\/cuscoberga.com\/wp-content\/uploads\/2021\/04\/tast-vi1-768x576.jpg 768w\" \/><img loading=\"lazy\" decoding=\"async\" width=\"800\" height=\"600\" src=\"data:image\/svg+xml;charset=utf-8,%3Csvg xmlns%3D&#039;http%3A%2F%2Fwww.w3.org%2F2000%2Fsvg&#039; viewBox%3D&#039;0 0 800 600&#039;%2F%3E\" class=\"show-on-hover back-image lazy-load preload-me\" alt=\"\" data-src=\"https:\/\/cuscoberga.com\/wp-content\/uploads\/2021\/04\/tastvi2.jpg\" data-srcset=\"https:\/\/cuscoberga.com\/wp-content\/uploads\/2021\/04\/tastvi2.jpg 800w, https:\/\/cuscoberga.com\/wp-content\/uploads\/2021\/04\/tastvi2-300x225.jpg 300w, https:\/\/cuscoberga.com\/wp-content\/uploads\/2021\/04\/tastvi2-768x576.jpg 768w\" \/><\/a>\n\t<\/div>\n\t<figcaption class=\"woocom-list-content\">\n\n\t\t<div class=\"woocommerce-product-details__short-description\">\n\t<p>Estos Vinos de estima y tradici\u00f3n, con mucho car\u00e1cter y personalidad, claramente describen nuestro territorio, el Pened\u00e8s. Los acompa\u00f1aremos con un maridaje de productos particulares de proximidad km.0.<\/p>\n<p>Posibilidad de adquirir productos de la casa a precios exclusivos de la bodega.<br \/>\nDuraci\u00f3n visita Bodega: 1h y 30 min.<\/p>\n<p>Precio 27 \u20ac por persona.<br \/>\nDisponibilidad durante todo el a\u00f1o<br \/>\nLugar de la actividad: a Vinos y Cavas Cusc\u00f3 Berga.<br \/>\nIncluye 3 Catas comentadas por un Sommelier y acompa\u00f1ados de una selecci\u00f3n de aperitivos.<br \/>\nM\u00ednimo 4 personas.<br \/>\nIdioma: Catal\u00e1n, castellano, ingl\u00e9s y franc\u00e9s.<\/p>\n<p>Bodega: <a href=\"https:\/\/youtu.be\/Grg21_ufvSI\" target=\"_blank\" rel=\"noopener\">Ver v\u00eddeo<\/a><br \/>\nVi\u00f1as: <a href=\"https:\/\/youtu.be\/VOzhidzgjHc\" target=\"_blank\" rel=\"noopener\">Ver v\u00eddeo<\/a><\/p>\n<p><a href=\"https:\/\/cuscoberga.com\/wp-content\/uploads\/2021\/04\/El-paquet-turistic-No-17-tast-vins-varietals-cast-01-1.pdf\" target=\"_blank\" rel=\"noopener\">Ver PDF detallado de la actividad<\/a><\/p>\n<\/div>\n\n\t<\/figcaption>\n<\/figure>\n\n<\/article>\n\n\n\n<article class=\"post visible description-off product type-product post-3930 status-publish last instock product_cat-enoturismo has-post-thumbnail virtual taxable purchasable product-type-simple\">\n\n\t<figure class=\"woocom-project\">\n\t<div class=\"woo-buttons-on-img\">\n\n\t\t<a href=\"https:\/\/cuscoberga.com\/es\/producte\/cusco-berga-y-chocolate-simon-coll\/\" class=\"alignnone layzr-bg\"><img loading=\"lazy\" decoding=\"async\" width=\"800\" height=\"600\" src=\"data:image\/svg+xml;charset=utf-8,%3Csvg xmlns%3D&#039;http%3A%2F%2Fwww.w3.org%2F2000%2Fsvg&#039; viewBox%3D&#039;0 0 800 600&#039;%2F%3E\" class=\"attachment-woocommerce_thumbnail size-woocommerce_thumbnail lazy-load preload-me\" alt=\"Cusc\u00f3 Berga y Chocolate Sim\u00f3n Coll\" data-src=\"https:\/\/cuscoberga.com\/wp-content\/uploads\/2023\/05\/Cusco-Berga-i-Xocolata-Simon-Coll-1.jpg\" data-srcset=\"https:\/\/cuscoberga.com\/wp-content\/uploads\/2023\/05\/Cusco-Berga-i-Xocolata-Simon-Coll-1.jpg 800w, https:\/\/cuscoberga.com\/wp-content\/uploads\/2023\/05\/Cusco-Berga-i-Xocolata-Simon-Coll-1-300x225.jpg 300w, https:\/\/cuscoberga.com\/wp-content\/uploads\/2023\/05\/Cusco-Berga-i-Xocolata-Simon-Coll-1-768x576.jpg 768w\" \/><img loading=\"lazy\" decoding=\"async\" width=\"800\" height=\"600\" src=\"data:image\/svg+xml;charset=utf-8,%3Csvg xmlns%3D&#039;http%3A%2F%2Fwww.w3.org%2F2000%2Fsvg&#039; viewBox%3D&#039;0 0 800 600&#039;%2F%3E\" class=\"show-on-hover back-image lazy-load preload-me\" alt=\"\" data-src=\"https:\/\/cuscoberga.com\/wp-content\/uploads\/2023\/05\/Cusco-Berga-i-Xocolata-Simon-Coll-2.jpg\" data-srcset=\"https:\/\/cuscoberga.com\/wp-content\/uploads\/2023\/05\/Cusco-Berga-i-Xocolata-Simon-Coll-2.jpg 800w, https:\/\/cuscoberga.com\/wp-content\/uploads\/2023\/05\/Cusco-Berga-i-Xocolata-Simon-Coll-2-300x225.jpg 300w, https:\/\/cuscoberga.com\/wp-content\/uploads\/2023\/05\/Cusco-Berga-i-Xocolata-Simon-Coll-2-768x576.jpg 768w\" \/><\/a>\n\t<\/div>\n\t<figcaption class=\"woocom-list-content\">\n\n\t\t<div class=\"woocommerce-product-details__short-description\">\n\t<p>Visita a la bodega Cusc\u00f3 Berga y su entorno natural, compartiremos con vosotros nuestra filosof\u00eda de trabajo, los inicios y el proceso de elaboraci\u00f3n manual y artesanal de nuestros vinos y cavas. Degustaci\u00f3n de los cavas de guarda superior y los vinos naturales del Macizo del Garraf, m\u00e1s emblem\u00e1ticos y selectos de nuestra Bodega ubicada en el Pened\u00e8s-Garraf.<br \/>\nComplementa tu visita al El \u00abEspai Xocolata\u00bb en Sant Sadurn\u00ed d&#8217;Anoia con una experiencia gastron\u00f3mica que pondr\u00e1n a prueba tus sentidos y te explicar\u00e1n los or\u00edgenes, la cultura, la historia y el proceso de elaboraci\u00f3n del chocolate Sim\u00f3n Coll.<\/p>\n<p><strong>En definitiva disfruta de una jornada \u00fanica en el Pened\u00e8s-Garraf.<\/strong><\/p>\n<p>La visita a la bodega puede ser anterior o posterior a la del Espai Chocolate en funci\u00f3n de la disponibilidad de horarios.<\/p>\n<p>Duraci\u00f3n: 1,30h en Cusc\u00f3 Berga y 50 min en Sim\u00f3n Coll.<br \/>\nIncluye: Visita a la Bodega con 4 Catas comentadas por un Sommelier con un peque\u00f1o aperitivo y la Visita gastron\u00f3mica a Sim\u00f3n coll.<br \/>\nGrupos: M\u00ednimo 2 pax &#8211; m\u00e1ximo 22 pax.<br \/>\nPrecio 27\u20ac adulto \/ 15\u20ac (9 a 17 a\u00f1os) \/ 0-8 a\u00f1os gratuito<br \/>\nDistancia entre las dos visitas: 14km. Espacio Chocolate: C\/Sant Pere 37, San Sadurn\u00ed de Anoia.<\/p>\n<p><strong>Cusc\u00f3 Berga: C\/Esplugues,7, Les Gunyoles &#8211; Avinyonet del Pened\u00e8s, 08793 \u2013 BCN<\/strong><\/p>\n<\/div>\n\n\t<\/figcaption>\n<\/figure>\n\n<\/article>\n\n\n\n<article class=\"post visible description-off product type-product post-3931 status-publish first instock product_cat-enoturismo has-post-thumbnail virtual taxable purchasable product-type-simple\">\n\n\t<figure class=\"woocom-project\">\n\t<div class=\"woo-buttons-on-img\">\n\n\t\t<a href=\"https:\/\/cuscoberga.com\/es\/producte\/cusco-berga-centro-de-interpretacion-do-vinifera\/\" class=\"alignnone layzr-bg\"><img loading=\"lazy\" decoding=\"async\" width=\"800\" height=\"600\" src=\"data:image\/svg+xml;charset=utf-8,%3Csvg xmlns%3D&#039;http%3A%2F%2Fwww.w3.org%2F2000%2Fsvg&#039; viewBox%3D&#039;0 0 800 600&#039;%2F%3E\" class=\"attachment-woocommerce_thumbnail size-woocommerce_thumbnail lazy-load preload-me\" alt=\"Cusc\u00f3 Berga + Centro de interpretaci\u00f3n DO Vin\u00edfera\" data-src=\"https:\/\/cuscoberga.com\/wp-content\/uploads\/2023\/05\/Cusco-Berga-Centre-dinterpretacio-DO-Vinifera-1.jpg\" data-srcset=\"https:\/\/cuscoberga.com\/wp-content\/uploads\/2023\/05\/Cusco-Berga-Centre-dinterpretacio-DO-Vinifera-1.jpg 800w, https:\/\/cuscoberga.com\/wp-content\/uploads\/2023\/05\/Cusco-Berga-Centre-dinterpretacio-DO-Vinifera-1-300x225.jpg 300w, https:\/\/cuscoberga.com\/wp-content\/uploads\/2023\/05\/Cusco-Berga-Centre-dinterpretacio-DO-Vinifera-1-768x576.jpg 768w\" \/><img loading=\"lazy\" decoding=\"async\" width=\"800\" height=\"600\" src=\"data:image\/svg+xml;charset=utf-8,%3Csvg xmlns%3D&#039;http%3A%2F%2Fwww.w3.org%2F2000%2Fsvg&#039; viewBox%3D&#039;0 0 800 600&#039;%2F%3E\" class=\"show-on-hover back-image lazy-load preload-me\" alt=\"\" data-src=\"https:\/\/cuscoberga.com\/wp-content\/uploads\/2023\/05\/Cusco-Berga-Centre-dinterpretacio-DO-Vinifera-3.jpg\" data-srcset=\"https:\/\/cuscoberga.com\/wp-content\/uploads\/2023\/05\/Cusco-Berga-Centre-dinterpretacio-DO-Vinifera-3.jpg 800w, https:\/\/cuscoberga.com\/wp-content\/uploads\/2023\/05\/Cusco-Berga-Centre-dinterpretacio-DO-Vinifera-3-300x225.jpg 300w, https:\/\/cuscoberga.com\/wp-content\/uploads\/2023\/05\/Cusco-Berga-Centre-dinterpretacio-DO-Vinifera-3-768x576.jpg 768w\" \/><\/a>\n\t<\/div>\n\t<figcaption class=\"woocom-list-content\">\n\n\t\t<div class=\"woocommerce-product-details__short-description\">\n\t<p>Visita a la bodega Cusc\u00f3 Berga y su entorno natural, compartiremos con vosotros nuestra filosof\u00eda de trabajo, los inicios y el proceso de elaboraci\u00f3n manual y artesanal de nuestros vinos y cavas. Degustaci\u00f3n de los cavas de guarda superior y los vinos naturales del Garraf, los m\u00e1s emblem\u00e1ticos y selectos de nuestra Bodega ubicada en el Pened\u00e8s-Garraf.<\/p>\n<p>Complementa tu visita a la D.O. Vin\u00edfera \u2013 Centro de interpretaci\u00f3n del yacimiento ib\u00e9rico de La Font de la Canya. Una visita combinada donde conocer\u00e1s los m\u00e1s de 2000 a\u00f1os de historia de la vi\u00f1a en el Pened\u00e8s-Garraf.<\/p>\n<p><strong>En definitiva disfruta de una jornada \u00fanica en el Pened\u00e8s-Garraf.<\/strong><\/p>\n<p>*La visita a la bodega puede ser anterior o posterior a la D.O. Vin\u00edfera en funci\u00f3n de la disponibilidad de horarios.<\/p>\n<p>Duraci\u00f3n: 1,30h en Cusc\u00f3 Berga y 50 min en D.O. Vin\u00edfera<br \/>\nIncluye: Visita a la Bodega con 4 Catas comentadas por un Sommelier y un peque\u00f1o aperitivo y la Visita D.O. Vin\u00edfera a cargo del equipo de investigaci\u00f3n arqueol\u00f3gica responsable de las excavaciones.<br \/>\nGrupos: M\u00ednimo 2 pax &#8211; m\u00e1ximo 22 pax.<br \/>\nPrecio 30\u20ac adulto \/ 15\u20ac (9 a 17 a\u00f1os) \/ 0-8 a\u00f1os gratuito<br \/>\nHorario: s\u00e1bados domingos a las 10:00* ya las 12:00 \u2013 primer s\u00e1bado de mes (Yacimiento 10:00 \u2013 DO Vin\u00edfera 12:00).<\/p>\n<p><strong>Distancia entre las dos visitas: 1km. Cusc\u00f3 Berga: C\/Esplugues,7, Les Gunyoles &#8211; Avinyonet del Pened\u00e8s, 08793 y D.O.Vin\u00edfera en la planta baja del local social municipal de Aviny\u00f3 Nou<\/strong> (<a href=\"https:\/\/goo.gl\/maps\/f6PvoXm9LHE1fFgd6\" target=\"_blank\" rel=\"noopener\">ubicaci\u00f3n<\/a>)<\/p>\n<\/div>\n\n\t<\/figcaption>\n<\/figure>\n\n<\/article>\n\n<\/div><\/div>[\/vc_column][\/vc_row][vc_row el_class=\u00bbtitol_gran\u00bb][vc_column][vc_custom_heading text=\u00bbTour Virtual por la bodega Cusc\u00f3 y Berga\u00bb font_container=\u00bbtag:h4|text_align:center|color:%23000000&#8243; google_fonts=\u00bbfont_family:Roboto%3A100%2C100italic%2C300%2C300italic%2Cregular%2Citalic%2C500%2C500italic%2C700%2C700italic%2C900%2C900italic|font_style:700%20bold%20regular%3A700%3Anormal\u00bb el_class=\u00bbtitol_gran\u00bb][\/vc_column][\/vc_row][vc_row full_width=\u00bbstretch_row_content\u00bb el_class=\u00bbtitol_gran\u00bb][vc_column][vc_column_text]<iframe loading=\"lazy\" style=\"border: 0;\" src=\"https:\/\/www.google.com\/maps\/embed?pb=!4v1619014520140!6m8!1m7!1sCAoSLEFGMVFpcE5CRGJmbU90X3R4Ym92Mjh0ODlsUzJHUzBQUzMtSzFpQzgtNUFU!2m2!1d41.35155619904977!2d1.783404462039471!3f91.89!4f1.4899999999999949!5f0.4000000000000002\" width=\"100%\" height=\"550\" allowfullscreen=\"allowfullscreen\"><\/iframe>[\/vc_column_text][\/vc_column][\/vc_row]<\/p>\n<\/div>","protected":false},"excerpt":{"rendered":"<p>[vc_row full_width=\u00bbstretch_row_content_no_spaces\u00bb full_height=\u00bbyes\u00bb equal_height=\u00bbyes\u00bb el_class=\u00bbimg_page\u00bb][vc_column width=\u00bb1\/2&#8243; css=\u00bb.vc_custom_1617176811384{padding: 10% !important;}\u00bb][vc_column_text] Descubrir el Pened\u00e8s y el Macizo del Garraf con Cusc\u00f3 Berga Bodega Cusc\u00f3 Berga ubicado a las puertas del Parque Natural del Garraf y \u00fanica bodega del Pened\u00e8s construida sobre roca caliza natural del Macizo del Garraf. &nbsp; Enoturismo en el Pa\u00eds del Cava Para los&hellip;<\/p>\n","protected":false},"author":1,"featured_media":0,"parent":0,"menu_order":0,"comment_status":"closed","ping_status":"closed","template":"","meta":{"footnotes":""},"class_list":["post-3081","page","type-page","status-publish","hentry","description-off"],"yoast_head":"<!-- This site is optimized with the Yoast SEO plugin v27.0 - https:\/\/yoast.com\/product\/yoast-seo-wordpress\/ -->\n<title>Enoturismo - Cusc\u00f3 Berga<\/title>\n<meta name=\"description\" content=\"Vinos y cavas Cusc\u00f3 Berga del Macizo de Garraf. Cavas de gama premium y gourmet as\u00ed como vinos monovarietales del Pened\u00e8s.\" \/>\n<meta name=\"robots\" content=\"index, follow, max-snippet:-1, max-image-preview:large, max-video-preview:-1\" \/>\n<link rel=\"canonical\" href=\"https:\/\/cuscoberga.com\/es\/enoturismo\/\" \/>\n<meta property=\"og:locale\" content=\"es_ES\" \/>\n<meta property=\"og:type\" content=\"article\" \/>\n<meta property=\"og:title\" content=\"Enoturismo - Cusc\u00f3 Berga\" \/>\n<meta property=\"og:description\" content=\"Vinos y cavas Cusc\u00f3 Berga del Macizo de Garraf. Cavas de gama premium y gourmet as\u00ed como vinos monovarietales del Pened\u00e8s.\" \/>\n<meta property=\"og:url\" content=\"https:\/\/cuscoberga.com\/es\/enoturismo\/\" \/>\n<meta property=\"og:site_name\" content=\"Cusc\u00f3 Berga\" \/>\n<meta property=\"article:modified_time\" content=\"2025-01-20T16:05:01+00:00\" \/>\n<meta name=\"twitter:card\" content=\"summary_large_image\" \/>\n<meta name=\"twitter:label1\" content=\"Tiempo de lectura\" \/>\n\t<meta name=\"twitter:data1\" content=\"2 minutos\" \/>\n<script type=\"application\/ld+json\" class=\"yoast-schema-graph\">{\"@context\":\"https:\/\/schema.org\",\"@graph\":[{\"@type\":\"WebPage\",\"@id\":\"https:\/\/cuscoberga.com\/es\/enoturismo\/\",\"url\":\"https:\/\/cuscoberga.com\/es\/enoturismo\/\",\"name\":\"Enoturismo - Cusc\u00f3 Berga\",\"isPartOf\":{\"@id\":\"https:\/\/cuscoberga.com\/es\/#website\"},\"datePublished\":\"2021-06-11T08:26:31+00:00\",\"dateModified\":\"2025-01-20T16:05:01+00:00\",\"description\":\"Vinos y cavas Cusc\u00f3 Berga del Macizo de Garraf. Cavas de gama premium y gourmet as\u00ed como vinos monovarietales del Pened\u00e8s.\",\"breadcrumb\":{\"@id\":\"https:\/\/cuscoberga.com\/es\/enoturismo\/#breadcrumb\"},\"inLanguage\":\"es\",\"potentialAction\":[{\"@type\":\"ReadAction\",\"target\":[\"https:\/\/cuscoberga.com\/es\/enoturismo\/\"]}]},{\"@type\":\"BreadcrumbList\",\"@id\":\"https:\/\/cuscoberga.com\/es\/enoturismo\/#breadcrumb\",\"itemListElement\":[{\"@type\":\"ListItem\",\"position\":1,\"name\":\"Inici\",\"item\":\"https:\/\/cuscoberga.com\/es\/\"},{\"@type\":\"ListItem\",\"position\":2,\"name\":\"Enoturismo\"}]},{\"@type\":\"WebSite\",\"@id\":\"https:\/\/cuscoberga.com\/es\/#website\",\"url\":\"https:\/\/cuscoberga.com\/es\/\",\"name\":\"Cusc\u00f3 Berga\",\"description\":\"\",\"potentialAction\":[{\"@type\":\"SearchAction\",\"target\":{\"@type\":\"EntryPoint\",\"urlTemplate\":\"https:\/\/cuscoberga.com\/es\/?s={search_term_string}\"},\"query-input\":{\"@type\":\"PropertyValueSpecification\",\"valueRequired\":true,\"valueName\":\"search_term_string\"}}],\"inLanguage\":\"es\"}]}<\/script>\n<!-- \/ Yoast SEO plugin. -->","yoast_head_json":{"title":"Enoturismo - Cusc\u00f3 Berga","description":"Vinos y cavas Cusc\u00f3 Berga del Macizo de Garraf. Cavas de gama premium y gourmet as\u00ed como vinos monovarietales del Pened\u00e8s.","robots":{"index":"index","follow":"follow","max-snippet":"max-snippet:-1","max-image-preview":"max-image-preview:large","max-video-preview":"max-video-preview:-1"},"canonical":"https:\/\/cuscoberga.com\/es\/enoturismo\/","og_locale":"es_ES","og_type":"article","og_title":"Enoturismo - Cusc\u00f3 Berga","og_description":"Vinos y cavas Cusc\u00f3 Berga del Macizo de Garraf. Cavas de gama premium y gourmet as\u00ed como vinos monovarietales del Pened\u00e8s.","og_url":"https:\/\/cuscoberga.com\/es\/enoturismo\/","og_site_name":"Cusc\u00f3 Berga","article_modified_time":"2025-01-20T16:05:01+00:00","twitter_card":"summary_large_image","twitter_misc":{"Tiempo de lectura":"2 minutos"},"schema":{"@context":"https:\/\/schema.org","@graph":[{"@type":"WebPage","@id":"https:\/\/cuscoberga.com\/es\/enoturismo\/","url":"https:\/\/cuscoberga.com\/es\/enoturismo\/","name":"Enoturismo - Cusc\u00f3 Berga","isPartOf":{"@id":"https:\/\/cuscoberga.com\/es\/#website"},"datePublished":"2021-06-11T08:26:31+00:00","dateModified":"2025-01-20T16:05:01+00:00","description":"Vinos y cavas Cusc\u00f3 Berga del Macizo de Garraf. Cavas de gama premium y gourmet as\u00ed como vinos monovarietales del Pened\u00e8s.","breadcrumb":{"@id":"https:\/\/cuscoberga.com\/es\/enoturismo\/#breadcrumb"},"inLanguage":"es","potentialAction":[{"@type":"ReadAction","target":["https:\/\/cuscoberga.com\/es\/enoturismo\/"]}]},{"@type":"BreadcrumbList","@id":"https:\/\/cuscoberga.com\/es\/enoturismo\/#breadcrumb","itemListElement":[{"@type":"ListItem","position":1,"name":"Inici","item":"https:\/\/cuscoberga.com\/es\/"},{"@type":"ListItem","position":2,"name":"Enoturismo"}]},{"@type":"WebSite","@id":"https:\/\/cuscoberga.com\/es\/#website","url":"https:\/\/cuscoberga.com\/es\/","name":"Cusc\u00f3 Berga","description":"","potentialAction":[{"@type":"SearchAction","target":{"@type":"EntryPoint","urlTemplate":"https:\/\/cuscoberga.com\/es\/?s={search_term_string}"},"query-input":{"@type":"PropertyValueSpecification","valueRequired":true,"valueName":"search_term_string"}}],"inLanguage":"es"}]}},"_links":{"self":[{"href":"https:\/\/cuscoberga.com\/es\/wp-json\/wp\/v2\/pages\/3081","targetHints":{"allow":["GET"]}}],"collection":[{"href":"https:\/\/cuscoberga.com\/es\/wp-json\/wp\/v2\/pages"}],"about":[{"href":"https:\/\/cuscoberga.com\/es\/wp-json\/wp\/v2\/types\/page"}],"author":[{"embeddable":true,"href":"https:\/\/cuscoberga.com\/es\/wp-json\/wp\/v2\/users\/1"}],"replies":[{"embeddable":true,"href":"https:\/\/cuscoberga.com\/es\/wp-json\/wp\/v2\/comments?post=3081"}],"version-history":[{"count":7,"href":"https:\/\/cuscoberga.com\/es\/wp-json\/wp\/v2\/pages\/3081\/revisions"}],"predecessor-version":[{"id":4018,"href":"https:\/\/cuscoberga.com\/es\/wp-json\/wp\/v2\/pages\/3081\/revisions\/4018"}],"wp:attachment":[{"href":"https:\/\/cuscoberga.com\/es\/wp-json\/wp\/v2\/media?parent=3081"}],"curies":[{"name":"wp","href":"https:\/\/api.w.org\/{rel}","templated":true}]}}